{"id":9416,"date":"2023-06-30T12:10:30","date_gmt":"2023-06-30T10:10:30","guid":{"rendered":"https:\/\/fmgraphicdesign.it\/shop\/?page_id=9416"},"modified":"2023-12-05T12:42:08","modified_gmt":"2023-12-05T11:42:08","slug":"personalizzazione-automezzi","status":"publish","type":"page","link":"https:\/\/fmgraphicdesign.it\/shop\/personalizzazione-automezzi\/","title":{"rendered":"Personalizzazione Automezzi"},"content":{"rendered":"\t\t<div data-elementor-type=\"wp-page\" data-elementor-id=\"9416\" class=\"elementor elementor-9416\">\n\t\t\t\t\t\t<section class=\"elementor-section elementor-top-section elementor-element elementor-element-fb70d19 elementor-section-boxed elementor-section-height-default elementor-section-height-default\" data-id=\"fb70d19\" data-element_type=\"section\" data-e-type=\"section\">\n\t\t\t\t\t\t<div class=\"elementor-container elementor-column-gap-default\">\n\t\t\t\t\t<div class=\"elementor-column elementor-col-100 elementor-top-column elementor-element elementor-element-f037e5c\" data-id=\"f037e5c\" data-element_type=\"column\" data-e-type=\"column\">\n\t\t\t<div class=\"elementor-widget-wrap elementor-element-populated\">\n\t\t\t\t\t\t<div class=\"elementor-element elementor-element-eea9973 elementor-widget elementor-widget-text-editor\" data-id=\"eea9973\" data-element_type=\"widget\" data-e-type=\"widget\" data-widget_type=\"text-editor.default\">\n\t\t\t\t<div class=\"elementor-widget-container\">\n\t\t\t\t\t\t\t\t\t<h1>Personalizzazione Automezzi &#8211; Veicoli Commerciali &#8211; Flotte Aziendali<\/h1>\t\t\t\t\t\t\t\t<\/div>\n\t\t\t\t<\/div>\n\t\t\t\t\t<\/div>\n\t\t<\/div>\n\t\t\t\t\t<\/div>\n\t\t<\/section>\n\t\t\t\t<section class=\"elementor-section elementor-top-section elementor-element elementor-element-be2d2de elementor-section-boxed elementor-section-height-default elementor-section-height-default\" data-id=\"be2d2de\" data-element_type=\"section\" data-e-type=\"section\">\n\t\t\t\t\t\t<div class=\"elementor-container elementor-column-gap-default\">\n\t\t\t\t\t<div class=\"elementor-column elementor-col-100 elementor-top-column elementor-element elementor-element-c76e15b\" data-id=\"c76e15b\" data-element_type=\"column\" data-e-type=\"column\">\n\t\t\t<div class=\"elementor-widget-wrap elementor-element-populated\">\n\t\t\t\t\t\t<div class=\"elementor-element elementor-element-dfce623 elementor-widget elementor-widget-spacer\" data-id=\"dfce623\" data-element_type=\"widget\" data-e-type=\"widget\" data-widget_type=\"spacer.default\">\n\t\t\t\t<div class=\"elementor-widget-container\">\n\t\t\t\t\t\t\t<div class=\"elementor-spacer\">\n\t\t\t<div class=\"elementor-spacer-inner\"><\/div>\n\t\t<\/div>\n\t\t\t\t\t\t<\/div>\n\t\t\t\t<\/div>\n\t\t\t\t\t<\/div>\n\t\t<\/div>\n\t\t\t\t\t<\/div>\n\t\t<\/section>\n\t\t\t\t<section class=\"elementor-section elementor-top-section elementor-element elementor-element-337a7f8 elementor-section-boxed elementor-section-height-default elementor-section-height-default\" data-id=\"337a7f8\" data-element_type=\"section\" data-e-type=\"section\">\n\t\t\t\t\t\t<div class=\"elementor-container elementor-column-gap-default\">\n\t\t\t\t\t<div class=\"elementor-column elementor-col-50 elementor-top-column elementor-element elementor-element-8a20f6e\" data-id=\"8a20f6e\" data-element_type=\"column\" data-e-type=\"column\">\n\t\t\t<div class=\"elementor-widget-wrap elementor-element-populated\">\n\t\t\t\t\t\t<div class=\"elementor-element elementor-element-f4ac921 elementor-widget elementor-widget-text-editor\" data-id=\"f4ac921\" data-element_type=\"widget\" data-e-type=\"widget\" data-widget_type=\"text-editor.default\">\n\t\t\t\t<div class=\"elementor-widget-container\">\n\t\t\t\t\t\t\t\t\t<h2>Decorazioni Pubblicitarie su Veicoli Commerciali &#8211; Personalizzazione Automezzi<\/h2><p>Personalizziamo automezzi e veicoli per ogni tipo di attivit\u00e0.<\/p><p>Le nostre pellicole sono di grandissima qualit\u00e0, durature e resistenti alle intemperie.<\/p><p>FM Graphic Design \u00e8 leader nella progettazione e nella realizzazione di decorazioni pubblicitarie per veicoli commerciali.<\/p><p>Richiedi un preventivo ai nostri esperti.<\/p><p>Rivolgiti a dei professionisti per la decorazione pubblicitaria dei tuoi mezzi. Chiama subito FM Graphic Design!<\/p><section id=\"tag_cloud-3\" class=\"widget widget_tag_cloud\"><div class=\"container\" style=\"text-align: center;\"><div class=\"vertical-center\"><center><button><a style=\"color: white;\" href=\"https:\/\/fmgraphicdesign.it\/shop\/prodotto\/allestimento-flotte-aziendali\/\">RICHIEDI UN PREVENTIVO<\/a><\/button><\/center><\/div><\/div><\/section>\t\t\t\t\t\t\t\t<\/div>\n\t\t\t\t<\/div>\n\t\t\t\t\t<\/div>\n\t\t<\/div>\n\t\t\t\t<div class=\"elementor-column elementor-col-50 elementor-top-column elementor-element elementor-element-3518cda\" data-id=\"3518cda\" data-element_type=\"column\" data-e-type=\"column\">\n\t\t\t<div class=\"elementor-widget-wrap elementor-element-populated\">\n\t\t\t\t\t\t<div class=\"elementor-element elementor-element-c933a59 elementor-widget elementor-widget-image\" data-id=\"c933a59\" data-element_type=\"widget\" data-e-type=\"widget\" data-widget_type=\"image.default\">\n\t\t\t\t<div class=\"elementor-widget-container\">\n\t\t\t\t\t\t\t\t\t\t\t\t\t\t\t<img fetchpriority=\"high\" decoding=\"async\" width=\"810\" height=\"810\" src=\"https:\/\/fmgraphicdesign.it\/shop\/wp-content\/uploads\/2021\/09\/71152756_2444547575634491_6596466761837576192_n-1024x1024.jpg\" class=\"attachment-large size-large wp-image-8190\" alt=\"wrapping veicoli aziendali, allestimento veicoli aziendali, allestimento flotta aziendale, car wrapping, allestimento furgoni aziendali, allestimento furgone, Personalizzazione Automezzi, Car Wrapping Professionale Torino\" srcset=\"https:\/\/fmgraphicdesign.it\/shop\/wp-content\/uploads\/2021\/09\/71152756_2444547575634491_6596466761837576192_n-1024x1024.jpg 1024w, https:\/\/fmgraphicdesign.it\/shop\/wp-content\/uploads\/2021\/09\/71152756_2444547575634491_6596466761837576192_n-100x100.jpg 100w, https:\/\/fmgraphicdesign.it\/shop\/wp-content\/uploads\/2021\/09\/71152756_2444547575634491_6596466761837576192_n-600x600.jpg 600w, https:\/\/fmgraphicdesign.it\/shop\/wp-content\/uploads\/2021\/09\/71152756_2444547575634491_6596466761837576192_n-300x300.jpg 300w, https:\/\/fmgraphicdesign.it\/shop\/wp-content\/uploads\/2021\/09\/71152756_2444547575634491_6596466761837576192_n-150x150.jpg 150w, https:\/\/fmgraphicdesign.it\/shop\/wp-content\/uploads\/2021\/09\/71152756_2444547575634491_6596466761837576192_n-768x768.jpg 768w, https:\/\/fmgraphicdesign.it\/shop\/wp-content\/uploads\/2021\/09\/71152756_2444547575634491_6596466761837576192_n-90x90.jpg 90w, https:\/\/fmgraphicdesign.it\/shop\/wp-content\/uploads\/2021\/09\/71152756_2444547575634491_6596466761837576192_n-64x64.jpg 64w, https:\/\/fmgraphicdesign.it\/shop\/wp-content\/uploads\/2021\/09\/71152756_2444547575634491_6596466761837576192_n.jpg 1080w\" sizes=\"(max-width: 810px) 100vw, 810px\" \/>\t\t\t\t\t\t\t\t\t\t\t\t\t\t\t<\/div>\n\t\t\t\t<\/div>\n\t\t\t\t\t<\/div>\n\t\t<\/div>\n\t\t\t\t\t<\/div>\n\t\t<\/section>\n\t\t\t\t<section class=\"elementor-section elementor-top-section elementor-element elementor-element-467787f elementor-section-boxed elementor-section-height-default elementor-section-height-default\" data-id=\"467787f\" data-element_type=\"section\" data-e-type=\"section\">\n\t\t\t\t\t\t<div class=\"elementor-container elementor-column-gap-default\">\n\t\t\t\t\t<div class=\"elementor-column elementor-col-100 elementor-top-column elementor-element elementor-element-2aa2fc9\" data-id=\"2aa2fc9\" data-element_type=\"column\" data-e-type=\"column\">\n\t\t\t<div class=\"elementor-widget-wrap elementor-element-populated\">\n\t\t\t\t\t\t<div class=\"elementor-element elementor-element-7f6fda2 elementor-widget elementor-widget-spacer\" data-id=\"7f6fda2\" data-element_type=\"widget\" data-e-type=\"widget\" data-widget_type=\"spacer.default\">\n\t\t\t\t<div class=\"elementor-widget-container\">\n\t\t\t\t\t\t\t<div class=\"elementor-spacer\">\n\t\t\t<div class=\"elementor-spacer-inner\"><\/div>\n\t\t<\/div>\n\t\t\t\t\t\t<\/div>\n\t\t\t\t<\/div>\n\t\t\t\t\t<\/div>\n\t\t<\/div>\n\t\t\t\t\t<\/div>\n\t\t<\/section>\n\t\t\t\t<section class=\"elementor-section elementor-top-section elementor-element elementor-element-969ad30 elementor-section-boxed elementor-section-height-default elementor-section-height-default\" data-id=\"969ad30\" data-element_type=\"section\" data-e-type=\"section\">\n\t\t\t\t\t\t<div class=\"elementor-container elementor-column-gap-default\">\n\t\t\t\t\t<div class=\"elementor-column elementor-col-50 elementor-top-column elementor-element elementor-element-5c24396\" data-id=\"5c24396\" data-element_type=\"column\" data-e-type=\"column\">\n\t\t\t<div class=\"elementor-widget-wrap elementor-element-populated\">\n\t\t\t\t\t\t<div class=\"elementor-element elementor-element-c29e9b2 elementor-widget elementor-widget-image\" data-id=\"c29e9b2\" data-element_type=\"widget\" data-e-type=\"widget\" data-widget_type=\"image.default\">\n\t\t\t\t<div class=\"elementor-widget-container\">\n\t\t\t\t\t\t\t\t\t\t\t\t\t\t\t<img decoding=\"async\" width=\"577\" height=\"433\" src=\"https:\/\/fmgraphicdesign.it\/shop\/wp-content\/uploads\/2023\/02\/car-wrapping.jpg\" class=\"attachment-large size-large wp-image-9366\" alt=\"Personalizzazione Automezzi, adesivi personalizzati furgoni, furgoni personalizzati, Grafica su Automezzi, Personalizzazione mezzi aziendali\" srcset=\"https:\/\/fmgraphicdesign.it\/shop\/wp-content\/uploads\/2023\/02\/car-wrapping.jpg 577w, https:\/\/fmgraphicdesign.it\/shop\/wp-content\/uploads\/2023\/02\/car-wrapping-300x225.jpg 300w, https:\/\/fmgraphicdesign.it\/shop\/wp-content\/uploads\/2023\/02\/car-wrapping-64x48.jpg 64w, https:\/\/fmgraphicdesign.it\/shop\/wp-content\/uploads\/2023\/02\/car-wrapping-120x90.jpg 120w\" sizes=\"(max-width: 577px) 100vw, 577px\" \/>\t\t\t\t\t\t\t\t\t\t\t\t\t\t\t<\/div>\n\t\t\t\t<\/div>\n\t\t\t\t\t<\/div>\n\t\t<\/div>\n\t\t\t\t<div class=\"elementor-column elementor-col-50 elementor-top-column elementor-element elementor-element-e3e2c60\" data-id=\"e3e2c60\" data-element_type=\"column\" data-e-type=\"column\">\n\t\t\t<div class=\"elementor-widget-wrap elementor-element-populated\">\n\t\t\t\t\t\t<div class=\"elementor-element elementor-element-08849ef elementor-widget elementor-widget-text-editor\" data-id=\"08849ef\" data-element_type=\"widget\" data-e-type=\"widget\" data-widget_type=\"text-editor.default\">\n\t\t\t\t<div class=\"elementor-widget-container\">\n\t\t\t\t\t\t\t\t\t<h1>Rivestimenti Pubblicitari Flotte Aziendali<\/h1><p>Realizziamo allestimenti pubblicitari per flotte aziendali e per pi\u00f9 veicoli commerciali.<\/p><p>Le nostre pellicole sono resistenti agli agenti atmosferici ed ai graffi.\u00a0<\/p><p>Con FM Graphic Design troverai competenza ed anche un supporto di qualit\u00e0.<\/p><p>Installiamo su ogni tipo di automezzo, veicoli commerciale, furgone.<\/p><p>Richiedi subito un preventivo gratuito ai nostri esperti.<\/p><section id=\"tag_cloud-3\" class=\"widget widget_tag_cloud\"><div class=\"container\" style=\"text-align: center;\"><div class=\"vertical-center\"><center><button><a style=\"color: white;\" href=\"https:\/\/fmgraphicdesign.it\/shop\/prodotto\/allestimento-flotte-aziendali\/\">RICHIEDI UN PREVENTIVO<\/a><\/button><\/center><\/div><\/div><\/section>\t\t\t\t\t\t\t\t<\/div>\n\t\t\t\t<\/div>\n\t\t\t\t\t<\/div>\n\t\t<\/div>\n\t\t\t\t\t<\/div>\n\t\t<\/section>\n\t\t\t\t<section class=\"elementor-section elementor-top-section elementor-element elementor-element-45d3bec elementor-section-boxed elementor-section-height-default elementor-section-height-default\" data-id=\"45d3bec\" data-element_type=\"section\" data-e-type=\"section\">\n\t\t\t\t\t\t<div class=\"elementor-container elementor-column-gap-default\">\n\t\t\t\t\t<div class=\"elementor-column elementor-col-100 elementor-top-column elementor-element elementor-element-75dbaa6\" data-id=\"75dbaa6\" data-element_type=\"column\" data-e-type=\"column\">\n\t\t\t<div class=\"elementor-widget-wrap elementor-element-populated\">\n\t\t\t\t\t\t<div class=\"elementor-element elementor-element-e4d4d9a elementor-widget elementor-widget-spacer\" data-id=\"e4d4d9a\" data-element_type=\"widget\" data-e-type=\"widget\" data-widget_type=\"spacer.default\">\n\t\t\t\t<div class=\"elementor-widget-container\">\n\t\t\t\t\t\t\t<div class=\"elementor-spacer\">\n\t\t\t<div class=\"elementor-spacer-inner\"><\/div>\n\t\t<\/div>\n\t\t\t\t\t\t<\/div>\n\t\t\t\t<\/div>\n\t\t\t\t\t<\/div>\n\t\t<\/div>\n\t\t\t\t\t<\/div>\n\t\t<\/section>\n\t\t\t\t<\/div>\n\t\t","protected":false},"excerpt":{"rendered":"<p>Personalizzazione Automezzi &#8211; Veicoli Commerciali &#8211; Flotte Aziendali Decorazioni Pubblicitarie su Veicoli Commerciali &#8211; Personalizzazione Automezzi Personalizziamo automezzi e veicoli per ogni tipo di attivit\u00e0. Le nostre pellicole sono di grandissima qualit\u00e0, durature e resistenti alle intemperie. FM Graphic Design \u00e8 leader nella progettazione e nella realizzazione di decorazioni pubblicitarie per veicoli commerciali. Richiedi un [&hellip;]<\/p>\n","protected":false},"author":1,"featured_media":8073,"parent":0,"menu_order":0,"comment_status":"closed","ping_status":"closed","template":"","meta":{"footnotes":""},"class_list":["post-9416","page","type-page","status-publish","has-post-thumbnail"],"_links":{"self":[{"href":"https:\/\/fmgraphicdesign.it\/shop\/wp-json\/wp\/v2\/pages\/9416","targetHints":{"allow":["GET"]}}],"collection":[{"href":"https:\/\/fmgraphicdesign.it\/shop\/wp-json\/wp\/v2\/pages"}],"about":[{"href":"https:\/\/fmgraphicdesign.it\/shop\/wp-json\/wp\/v2\/types\/page"}],"author":[{"embeddable":true,"href":"https:\/\/fmgraphicdesign.it\/shop\/wp-json\/wp\/v2\/users\/1"}],"replies":[{"embeddable":true,"href":"https:\/\/fmgraphicdesign.it\/shop\/wp-json\/wp\/v2\/comments?post=9416"}],"version-history":[{"count":15,"href":"https:\/\/fmgraphicdesign.it\/shop\/wp-json\/wp\/v2\/pages\/9416\/revisions"}],"predecessor-version":[{"id":10022,"href":"https:\/\/fmgraphicdesign.it\/shop\/wp-json\/wp\/v2\/pages\/9416\/revisions\/10022"}],"wp:featuredmedia":[{"embeddable":true,"href":"https:\/\/fmgraphicdesign.it\/shop\/wp-json\/wp\/v2\/media\/8073"}],"wp:attachment":[{"href":"https:\/\/fmgraphicdesign.it\/shop\/wp-json\/wp\/v2\/media?parent=9416"}],"curies":[{"name":"wp","href":"https:\/\/api.w.org\/{rel}","templated":true}]}}